{"id":17503,"date":"2025-03-30T15:26:20","date_gmt":"2025-03-30T13:26:20","guid":{"rendered":"https:\/\/forzini.com\/producto\/plato-decorativo-de-ceramica-marroqui\/"},"modified":"2025-10-03T23:29:48","modified_gmt":"2025-10-03T21:29:48","slug":"marockanska-skalar-keramik","status":"publish","type":"product","link":"https:\/\/forzini.com\/sv\/producto\/marockanska-skalar-keramik\/","title":{"rendered":"Marockanska sk\u00e5lar i keramik"},"content":{"rendered":"<h2>Marockanska sk\u00e5lar i keramik<\/h2>\n<p>Denna handgjorda marockanska keramiksk\u00e5l \u00e4r ett verkligt m\u00e4sterverk, noggrant tillverkat av skickliga hantverkare fr\u00e5n Safi. Med respekt f\u00f6r hundra\u00e5riga traditioner \u00e4r varje tallrik omsorgsfullt formad och m\u00e5lad f\u00f6r hand, och visar upp det b\u00e4sta av marockanskt hantverk. De livfulla f\u00e4rgerna och de intrikata m\u00f6nstren g\u00f6r varje sk\u00e5l unik \u2013 ett konstverk i sig.<\/p>\n<p>Denna dekorativa marockanska keramiksk\u00e5l \u00e4r b\u00e5de vacker och funktionell, och passar perfekt i m\u00e5nga olika milj\u00f6er. Oavsett om den h\u00e4ngs p\u00e5 v\u00e4ggen, anv\u00e4nds som elegant fruktsk\u00e5l eller som ett i\u00f6gonfallande mittstycke p\u00e5 bordet, tillf\u00f6r dess tidl\u00f6sa design och uts\u00f6kta detaljer charm till varje hem.<\/p>\n<p>Sk\u00e5len speglar Marockos rika kulturarv och hantverkarnas h\u00e4ngivenhet till sitt yrke, vilket g\u00f6r den till ett s\u00e4rskilt tillskott i varje samling eller inredning.<\/p>\n<h3><strong>Framtr\u00e4dande egenskaper:<\/strong><\/h3>\n<h3>Diameter: 35 cm<\/h3>\n<h3>H\u00f6jd: 6\u20137 cm<\/h3>\n<h3><\/h3>\n","protected":false},"excerpt":{"rendered":"<h2>Marockanska sk\u00e5lar i keramik<\/h2>\n<p>Denna handgjorda marockanska keramiksk\u00e5l \u00e4r ett unikt konstverk, omsorgsfullt tillverkat av skickliga hantverkare fr\u00e5n Safi. Med livfulla f\u00e4rger och intrikata m\u00f6nster \u00e4r varje sk\u00e5l en enast\u00e5ende kombination av konst och funktion \u2013 perfekt f\u00f6r att f\u00f6rgylla inredningen i alla hem.<\/p>\n","protected":false},"featured_media":17418,"comment_status":"closed","ping_status":"closed","template":"","meta":{"_acf_changed":false,"_joinchat":[]},"product_brand":[],"product_cat":[385,309],"product_tag":[318],"class_list":{"0":"post-17503","1":"product","2":"type-product","3":"status-publish","4":"has-post-thumbnail","6":"product_cat-bordsdekorationer","7":"product_cat-tillbehor","8":"product_tag-keramik-sv","10":"first","11":"instock","12":"sale","13":"featured","14":"shipping-taxable","15":"purchasable","16":"product-type-simple"},"acf":[],"_links":{"self":[{"href":"https:\/\/forzini.com\/sv\/wp-json\/wp\/v2\/product\/17503","targetHints":{"allow":["GET"]}}],"collection":[{"href":"https:\/\/forzini.com\/sv\/wp-json\/wp\/v2\/product"}],"about":[{"href":"https:\/\/forzini.com\/sv\/wp-json\/wp\/v2\/types\/product"}],"replies":[{"embeddable":true,"href":"https:\/\/forzini.com\/sv\/wp-json\/wp\/v2\/comments?post=17503"}],"version-history":[{"count":0,"href":"https:\/\/forzini.com\/sv\/wp-json\/wp\/v2\/product\/17503\/revisions"}],"wp:featuredmedia":[{"embeddable":true,"href":"https:\/\/forzini.com\/sv\/wp-json\/wp\/v2\/media\/17418"}],"wp:attachment":[{"href":"https:\/\/forzini.com\/sv\/wp-json\/wp\/v2\/media?parent=17503"}],"wp:term":[{"taxonomy":"product_brand","embeddable":true,"href":"https:\/\/forzini.com\/sv\/wp-json\/wp\/v2\/product_brand?post=17503"},{"taxonomy":"product_cat","embeddable":true,"href":"https:\/\/forzini.com\/sv\/wp-json\/wp\/v2\/product_cat?post=17503"},{"taxonomy":"product_tag","embeddable":true,"href":"https:\/\/forzini.com\/sv\/wp-json\/wp\/v2\/product_tag?post=17503"}],"curies":[{"name":"wp","href":"https:\/\/api.w.org\/{rel}","templated":true}]}}