{"id":12036,"date":"2024-10-26T18:53:03","date_gmt":"2024-10-26T16:53:03","guid":{"rendered":"https:\/\/forzini.com\/producto\/mesa-consola-reloj-de-arena\/"},"modified":"2025-12-16T22:34:30","modified_gmt":"2025-12-16T21:34:30","slug":"couchtisch-stein-schwarz-weiss","status":"publish","type":"product","link":"https:\/\/forzini.com\/de\/producto\/couchtisch-stein-schwarz-weiss\/","title":{"rendered":"Couchtisch aus Stein in Schwarz und Wei\u00df"},"content":{"rendered":"<h2>Couchtisch aus Naturstein in Skulpturaler Form &#8222;Tellus P&#8220;<\/h2>\n<p>Dieser Couchtisch aus Stein, gefertigt aus wei\u00dfem Onyx und schwarzem Marmor, beeindruckt durch sein au\u00dfergew\u00f6hnliches Design und wird zu einem markanten Element, das jedem Raum Tiefe und Eleganz verleiht. Die charakteristische Form entsteht durch die Verbindung zweier Steinsegmente, vereint durch einen zentralen Ring, der die Essenz der Zeit in einer skulpturalen Silhouette einf\u00e4ngt. Mit seinem k\u00fchnen, zeitgen\u00f6ssischen Ausdruck setzt dieser Tisch einen starken Akzent und verleiht jedem Ambiente eine k\u00fcnstlerische Note.<\/p>\n<p>Jeder Couchtisch aus Stein wird von Hand gefertigt und besteht aus sorgf\u00e4ltig ausgew\u00e4hltem Marmor und Onyx mit einzigartigen Maserungen, wodurch jede Kreation zu einem unverwechselbaren Einzelst\u00fcck wird. Die polierte Oberfl\u00e4che betont die nat\u00fcrliche Sch\u00f6nheit der Materialien und verleiht ihnen einen eleganten Glanz, der den Raum subtil erhellt.<\/p>\n<p>Diese sanduhrf\u00f6rmige Stein-Skulptur ist sowohl dekorativ als auch funktional \u2013 ein Symbol f\u00fcr Raffinesse und Kreativit\u00e4t, ideal f\u00fcr alle, die M\u00f6bel als Ausdruck ihrer pers\u00f6nlichen \u00c4sthetik betrachten.<\/p>\n<p>Onyx Rosa Cloud \u2013 Dieser Onyx ist ein wahrhaft einzigartiges Material, das als eines der seltensten und kostbarsten der Welt gilt. Seine reine Farbe, frei von k\u00fcnstlichen Farbstoffen oder Behandlungen, macht ihn noch spezieller und wertvoller. Er wird in einer abgelegenen Bergregion in S\u00fcdostasien abgebaut und fasziniert mit seiner zarten Farbgebung und seinem nat\u00fcrlichen Glanz, der die Sch\u00f6nheit jeder dekorativen Kreation unterstreicht. In diesem au\u00dfergew\u00f6hnlichen Design wurde der Onyx Rosa Cloud integriert, um die k\u00fcnstlerische Sch\u00f6nheit der Natur mit menschlicher Kreativit\u00e4t zu vereinen und dieses St\u00fcck zu einem wahren Schatz der Kunst und Raffinesse zu machen.<\/p>\n<p>&nbsp;<\/p>\n<p><a href=\"https:\/\/forzini.com\/de\/materialien\/\" target=\"_blank\" rel=\"noopener\">Erfahren Sie mehr \u00fcber unsere Kollektion von Marmor und Onyx \u00fcber diesen Link: <\/a><a href=\"https:\/\/forzini.com\/de\/materialien\/\" target=\"_blank\" rel=\"noopener\">Materialien<\/a><\/p>\n<h3><strong>Besondere Merkmale:<\/strong><\/h3>\n<h3><strong>Montage:<\/strong> Nicht erforderlich.<\/h3>\n<h3><strong>Steinfinish:<\/strong> Poliert.<\/h3>\n<h3><strong>Gewicht:<\/strong> 35 kg<\/h3>\n","protected":false},"excerpt":{"rendered":"<h1>Couchtisch aus Stein in Schwarz und Wei\u00df<\/h1>\n<p>Dieser <strong>Couchtisch aus Stein<\/strong>, gefertigt aus edlem Marmor und nat\u00fcrlichem Onyx, beeindruckt durch seine innovative und k\u00fchne Form und wird zu einem vielseitigen Highlight in jeder Umgebung. Sein einzigartiges, fantasievolles Design, das zwei verbundene Kegel zu einer harmonischen Silhouette vereint, verleiht dem Raum Frische und Originalit\u00e4t.<\/p>\n<p>Die sorgf\u00e4ltig von Hand bearbeitete Kombination aus erlesenem Marmor und Onyx ergibt ein kunstvolles Meisterwerk, das Raffinesse und Stil ausstrahlt und jeden Bereich mit einem Hauch von Eleganz bereichert.<\/p>\n<h2>Ma\u00dfe: Durchmesser 30 cm, H\u00f6he 52 cm.<\/h2>\n","protected":false},"featured_media":12037,"comment_status":"closed","ping_status":"closed","template":"","meta":{"_acf_changed":false,"_joinchat":[]},"product_brand":[],"product_cat":[393,277],"product_tag":[265],"class_list":{"0":"post-12036","1":"product","2":"type-product","3":"status-publish","4":"has-post-thumbnail","6":"product_cat-naturstein-couchtische","7":"product_cat-tische","8":"product_tag-onyx-de","10":"first","11":"instock","12":"sale","13":"featured","14":"shipping-taxable","15":"purchasable","16":"product-type-simple"},"acf":[],"_links":{"self":[{"href":"https:\/\/forzini.com\/de\/wp-json\/wp\/v2\/product\/12036","targetHints":{"allow":["GET"]}}],"collection":[{"href":"https:\/\/forzini.com\/de\/wp-json\/wp\/v2\/product"}],"about":[{"href":"https:\/\/forzini.com\/de\/wp-json\/wp\/v2\/types\/product"}],"replies":[{"embeddable":true,"href":"https:\/\/forzini.com\/de\/wp-json\/wp\/v2\/comments?post=12036"}],"version-history":[{"count":3,"href":"https:\/\/forzini.com\/de\/wp-json\/wp\/v2\/product\/12036\/revisions"}],"predecessor-version":[{"id":22582,"href":"https:\/\/forzini.com\/de\/wp-json\/wp\/v2\/product\/12036\/revisions\/22582"}],"wp:featuredmedia":[{"embeddable":true,"href":"https:\/\/forzini.com\/de\/wp-json\/wp\/v2\/media\/12037"}],"wp:attachment":[{"href":"https:\/\/forzini.com\/de\/wp-json\/wp\/v2\/media?parent=12036"}],"wp:term":[{"taxonomy":"product_brand","embeddable":true,"href":"https:\/\/forzini.com\/de\/wp-json\/wp\/v2\/product_brand?post=12036"},{"taxonomy":"product_cat","embeddable":true,"href":"https:\/\/forzini.com\/de\/wp-json\/wp\/v2\/product_cat?post=12036"},{"taxonomy":"product_tag","embeddable":true,"href":"https:\/\/forzini.com\/de\/wp-json\/wp\/v2\/product_tag?post=12036"}],"curies":[{"name":"wp","href":"https:\/\/api.w.org\/{rel}","templated":true}]}}