{"id":17480,"date":"2025-03-30T20:00:43","date_gmt":"2025-03-30T18:00:43","guid":{"rendered":"https:\/\/forzini.com\/producto\/plato-artesanal-ceramica-marroqui\/"},"modified":"2025-10-03T19:45:55","modified_gmt":"2025-10-03T17:45:55","slug":"stor-marokkansk-skaal","status":"publish","type":"product","link":"https:\/\/forzini.com\/da\/producto\/stor-marokkansk-skaal\/","title":{"rendered":"Stor marokkansk sk\u00e5l i keramik \u2013 h\u00e5ndlavet og dekorativ"},"content":{"rendered":"<h2>Stor marokkansk sk\u00e5l i keramik \u2013 h\u00e5ndlavet og dekorativ<\/h2>\n<p><strong>Denne uds\u00f8gte marokkanske sk\u00e5l i keramik<\/strong>, skabt af de talentfulde h\u00e5ndv\u00e6rkere fra Safi, er et sandt symbol p\u00e5 tradition. Hver enkelt sk\u00e5l er omhyggeligt fremstillet og h\u00e5ndmalet, og afspejler arven fra generationer, der har viet sig til at perfektionere keramikkunsten. De levende farver og de indviklede m\u00f8nstre g\u00f8r hver sk\u00e5l til en uforlignelig juvel.<\/p>\n<p>Med sin perfekte kombination af sk\u00f8nhed og funktionalitet egner denne dekorative sk\u00e5l sig til mange form\u00e5l. Den kan h\u00e6nge p\u00e5 v\u00e6ggen som et dekorativt element, bruges som en elegant frugtsk\u00e5l eller som et i\u00f8jnefaldende midtpunkt p\u00e5 bordet \u2013 og tilf\u00f8rer ethvert rum et tidl\u00f8st og sofistikeret pr\u00e6g.<\/p>\n<p><strong>Denne marokkanske keramiksk\u00e5l<\/strong> repr\u00e6senterer ikke kun Marokkos kulturelle rigdom, men ogs\u00e5 passionen og engagementet fra de h\u00e5ndv\u00e6rkere, der har gjort den til virkelighed. Dens unikke karakter g\u00f8r den til en uundv\u00e6rlig genstand for dem, der s\u00f8ger noget ekstraordin\u00e6rt til hjemmet eller samlingen.<\/p>\n<h3><strong>Fremh\u00e6vede egenskaber:<\/strong><\/h3>\n<h3>Diameter: 35 cm<\/h3>\n<h3>H\u00f8jde: 6\u20137 cm<\/h3>\n<h3><\/h3>\n","protected":false},"excerpt":{"rendered":"<h1>Marokkansk sk\u00e5l i keramik<\/h1>\n<p>Denne h\u00e5ndlavede marokkanske keramiksk\u00e5l, skabt af mestre fra Safi, udm\u00e6rker sig ved sit unikke design og levende farver, som g\u00f8r den til en enest\u00e5ende dekoration. Perfekt som frugtsk\u00e5l, midtpunkt p\u00e5 bordet eller som dekorativt element \u2013 den forener tradition med elegance. Hver sk\u00e5l afspejler Marokkos rige kulturarv og h\u00e5ndv\u00e6rkernes dedikation, og tilf\u00f8rer et s\u00e6rligt pr\u00e6g til ethvert hjem.<\/p>\n","protected":false},"featured_media":17444,"comment_status":"closed","ping_status":"closed","template":"","meta":{"_acf_changed":false,"_joinchat":[]},"product_brand":[],"product_cat":[384,308],"product_tag":[317],"class_list":{"0":"post-17480","1":"product","2":"type-product","3":"status-publish","4":"has-post-thumbnail","6":"product_cat-boligtilbehoer","7":"product_cat-tilbehor","8":"product_tag-keramik-da","10":"first","11":"instock","12":"sale","13":"featured","14":"shipping-taxable","15":"purchasable","16":"product-type-simple"},"acf":[],"_links":{"self":[{"href":"https:\/\/forzini.com\/da\/wp-json\/wp\/v2\/product\/17480","targetHints":{"allow":["GET"]}}],"collection":[{"href":"https:\/\/forzini.com\/da\/wp-json\/wp\/v2\/product"}],"about":[{"href":"https:\/\/forzini.com\/da\/wp-json\/wp\/v2\/types\/product"}],"replies":[{"embeddable":true,"href":"https:\/\/forzini.com\/da\/wp-json\/wp\/v2\/comments?post=17480"}],"version-history":[{"count":0,"href":"https:\/\/forzini.com\/da\/wp-json\/wp\/v2\/product\/17480\/revisions"}],"wp:featuredmedia":[{"embeddable":true,"href":"https:\/\/forzini.com\/da\/wp-json\/wp\/v2\/media\/17444"}],"wp:attachment":[{"href":"https:\/\/forzini.com\/da\/wp-json\/wp\/v2\/media?parent=17480"}],"wp:term":[{"taxonomy":"product_brand","embeddable":true,"href":"https:\/\/forzini.com\/da\/wp-json\/wp\/v2\/product_brand?post=17480"},{"taxonomy":"product_cat","embeddable":true,"href":"https:\/\/forzini.com\/da\/wp-json\/wp\/v2\/product_cat?post=17480"},{"taxonomy":"product_tag","embeddable":true,"href":"https:\/\/forzini.com\/da\/wp-json\/wp\/v2\/product_tag?post=17480"}],"curies":[{"name":"wp","href":"https:\/\/api.w.org\/{rel}","templated":true}]}}